{"version":"1.0","provider_name":"AmstedMaxion","provider_url":"https:\/\/www.amstedmaxion.com.br\/en\/","author_name":"juan@newmind.com.br","author_url":"https:\/\/www.amstedmaxion.com.br\/en\/author\/juannewmind-com-br\/","title":"Paulo Bas\u00edlio assume presid\u00eancia da ALL - AmstedMaxion","type":"rich","width":600,"height":338,"html":"<blockquote class=\"wp-embedded-content\" data-secret=\"aGdp84YGoT\"><a href=\"https:\/\/www.amstedmaxion.com.br\/en\/paulo-basilio-assume-presidencia-da-all\/\">Paulo Bas\u00edlio assume presid\u00eancia da ALL<\/a><\/blockquote><iframe sandbox=\"allow-scripts\" security=\"restricted\" src=\"https:\/\/www.amstedmaxion.com.br\/en\/paulo-basilio-assume-presidencia-da-all\/embed\/#?secret=aGdp84YGoT\" width=\"600\" height=\"338\" title=\"&#8220;Paulo Bas\u00edlio assume presid\u00eancia da ALL&#8221; &#8212; AmstedMaxion\" data-secret=\"aGdp84YGoT\" frameborder=\"0\" marginwidth=\"0\" marginheight=\"0\" scrolling=\"no\" class=\"wp-embedded-content\"><\/iframe><script type=\"text\/javascript\">\n\/* <![CDATA[ *\/\n\/*! This file is auto-generated *\/\n!function(d,l){\"use strict\";l.querySelector&&d.addEventListener&&\"undefined\"!=typeof URL&&(d.wp=d.wp||{},d.wp.receiveEmbedMessage||(d.wp.receiveEmbedMessage=function(e){var t=e.data;if((t||t.secret||t.message||t.value)&&!\/[^a-zA-Z0-9]\/.test(t.secret)){for(var s,r,n,a=l.querySelectorAll('iframe[data-secret=\"'+t.secret+'\"]'),o=l.querySelectorAll('blockquote[data-secret=\"'+t.secret+'\"]'),c=new RegExp(\"^https?:$\",\"i\"),i=0;i<o.length;i++)o[i].style.display=\"none\";for(i=0;i<a.length;i++)s=a[i],e.source===s.contentWindow&&(s.removeAttribute(\"style\"),\"height\"===t.message?(1e3<(r=parseInt(t.value,10))?r=1e3:~~r<200&&(r=200),s.height=r):\"link\"===t.message&&(r=new URL(s.getAttribute(\"src\")),n=new URL(t.value),c.test(n.protocol))&&n.host===r.host&&l.activeElement===s&&(d.top.location.href=t.value))}},d.addEventListener(\"message\",d.wp.receiveEmbedMessage,!1),l.addEventListener(\"DOMContentLoaded\",function(){for(var e,t,s=l.querySelectorAll(\"iframe.wp-embedded-content\"),r=0;r<s.length;r++)(t=(e=s[r]).getAttribute(\"data-secret\"))||(t=Math.random().toString(36).substring(2,12),e.src+=\"#?secret=\"+t,e.setAttribute(\"data-secret\",t)),e.contentWindow.postMessage({message:\"ready\",secret:t},\"*\")},!1)))}(window,document);\n\/\/# sourceURL=https:\/\/www.amstedmaxion.com.br\/wp-includes\/js\/wp-embed.min.js\n\/* ]]> *\/\n<\/script>\n","description":"A partir da pr\u00f3xima sexta-feira, dia 10, o at\u00e9 ent\u00e3o diretor-superintendente Paulo Bas\u00edlio assumir\u00e1 o cargo de presidente da ALL \u2013 Am\u00e9rica Latina Log\u00edstica, conforme an\u00fancio feito pela companhia recentemente.rn rnBas\u00edlio ingressou na empresa no ano de 2000, na fun\u00e7\u00e3o de analista financeiro, e desde ent\u00e3o ocupou diversas posi\u00e7\u00f5es de ger\u00eancia e dire\u00e7\u00e3o. Desde janeiro [&hellip;]"}