{"version":"1.0","provider_name":"AmstedMaxion","provider_url":"https:\/\/www.amstedmaxion.com.br\/en\/","author_name":"Rosane Storto","author_url":"https:\/\/www.amstedmaxion.com.br\/en\/author\/imprensagbmx-com-br\/","title":"Trabalhadores da MWL ocupam f\u00e1brica nesta ter\u00e7a-feira - AmstedMaxion","type":"rich","width":600,"height":338,"html":"<blockquote class=\"wp-embedded-content\" data-secret=\"OBvSTNZCcX\"><a href=\"https:\/\/www.amstedmaxion.com.br\/en\/trabalhadores-da-mwl-ocupam-fabrica-nesta-terca-feira\/\">Trabalhadores da MWL ocupam f\u00e1brica nesta ter\u00e7a-feira<\/a><\/blockquote><iframe sandbox=\"allow-scripts\" security=\"restricted\" src=\"https:\/\/www.amstedmaxion.com.br\/en\/trabalhadores-da-mwl-ocupam-fabrica-nesta-terca-feira\/embed\/#?secret=OBvSTNZCcX\" width=\"600\" height=\"338\" title=\"&#8220;Trabalhadores da MWL ocupam f\u00e1brica nesta ter\u00e7a-feira&#8221; &#8212; AmstedMaxion\" data-secret=\"OBvSTNZCcX\" frameborder=\"0\" marginwidth=\"0\" marginheight=\"0\" scrolling=\"no\" class=\"wp-embedded-content\"><\/iframe><script type=\"text\/javascript\">\n\/* <![CDATA[ *\/\n\/*! This file is auto-generated *\/\n!function(d,l){\"use strict\";l.querySelector&&d.addEventListener&&\"undefined\"!=typeof URL&&(d.wp=d.wp||{},d.wp.receiveEmbedMessage||(d.wp.receiveEmbedMessage=function(e){var t=e.data;if((t||t.secret||t.message||t.value)&&!\/[^a-zA-Z0-9]\/.test(t.secret)){for(var s,r,n,a=l.querySelectorAll('iframe[data-secret=\"'+t.secret+'\"]'),o=l.querySelectorAll('blockquote[data-secret=\"'+t.secret+'\"]'),c=new RegExp(\"^https?:$\",\"i\"),i=0;i<o.length;i++)o[i].style.display=\"none\";for(i=0;i<a.length;i++)s=a[i],e.source===s.contentWindow&&(s.removeAttribute(\"style\"),\"height\"===t.message?(1e3<(r=parseInt(t.value,10))?r=1e3:~~r<200&&(r=200),s.height=r):\"link\"===t.message&&(r=new URL(s.getAttribute(\"src\")),n=new URL(t.value),c.test(n.protocol))&&n.host===r.host&&l.activeElement===s&&(d.top.location.href=t.value))}},d.addEventListener(\"message\",d.wp.receiveEmbedMessage,!1),l.addEventListener(\"DOMContentLoaded\",function(){for(var e,t,s=l.querySelectorAll(\"iframe.wp-embedded-content\"),r=0;r<s.length;r++)(t=(e=s[r]).getAttribute(\"data-secret\"))||(t=Math.random().toString(36).substring(2,12),e.src+=\"#?secret=\"+t,e.setAttribute(\"data-secret\",t)),e.contentWindow.postMessage({message:\"ready\",secret:t},\"*\")},!1)))}(window,document);\n\/\/# sourceURL=https:\/\/www.amstedmaxion.com.br\/wp-includes\/js\/wp-embed.min.js\n\/* ]]> *\/\n<\/script>\n","thumbnail_url":"https:\/\/www.amstedmaxion.com.br\/wp-content\/uploads\/2022\/08\/MWL-Band-Vale.jpg","thumbnail_width":1280,"thumbnail_height":720,"description":"Band Vale &#8211; Trabalhadores v\u00e3o permanecer nas depend\u00eancias da MWL por tempo indeterminado Cerca de 100 metal\u00fargicos da MWL ocuparam na manh\u00e3 desta ter\u00e7a-feira (30) as instala\u00e7\u00f5es da f\u00e1brica, em Ca\u00e7apava. Sem receber sal\u00e1rios desde maio os trabalhadores v\u00e3o permanecer nas depend\u00eancias da MWL por tempo indeterminado, em esquema de revezamento. De acordo com o [&hellip;]"}